{"id":1638,"date":"2019-12-03T18:31:19","date_gmt":"2019-12-03T17:31:19","guid":{"rendered":"http:\/\/www.coudalere.info\/wordpress\/?page_id=1638"},"modified":"2025-12-09T13:41:14","modified_gmt":"2025-12-09T12:41:14","slug":"vedtaegter-marts-2025","status":"publish","type":"page","link":"http:\/\/www.coudalere.info\/wordpress\/vedtaegter-marts-2025\/","title":{"rendered":"Vedt\u00e6gter marts 2025"},"content":{"rendered":"<p style=\"text-align: center;\"><span style=\"font-weight: 400;\">FORENINGENS VEDT\u00c6GTER <\/span><\/p>\n<p style=\"text-align: center;\"><span style=\"font-weight: 400;\">OPDATERET P\u00c5 GENERALFORSAMLINGEN 22. MARTS 2025<\/span><\/p>\n<p style=\"text-align: center;\"><strong>Foreningens CVR nr. 38 23 13 67<\/strong><\/p>\n<ul>\n<li><b>1\u00a0<\/b><\/li>\n<\/ul>\n<p><span style=\"font-weight: 400;\">Foreningens navn er \u201dForeningen Coudal\u00e8re Skandinavien\u201d.\u00a0<\/span><\/p>\n<ul>\n<li><b>2\u00a0<\/b><\/li>\n<\/ul>\n<p><span style=\"font-weight: 400;\">Foreningens form\u00e5l er:\u00a0<\/span><\/p>\n<ul>\n<li><span style=\"font-weight: 400;\">v\u00e6re et f\u00e6llesskab til kulturfremme og til gensidigt kendskab til skandinavisk \/ fransk kultur\u00a0 og praksis i lokalsamfundet <\/span><span style=\"font-weight: 400;\">Coudal\u00e8re<\/span><span style=\"font-weight: 400;\">, Le Bacar\u00e8s kommune.\u00a0<\/span><\/li>\n<li><span style=\"font-weight: 400;\">samle skandinaviske ejere i <\/span><span style=\"font-weight: 400;\">Coudal\u00e8re<\/span><span style=\"font-weight: 400;\">.\u00a0<\/span><\/li>\n<li><span style=\"font-weight: 400;\">varetage disses interesser.\u00a0<\/span><\/li>\n<li><span style=\"font-weight: 400;\">\u00f8ve indflydelse p\u00e5 beslutningsprocesser og derved sikre indflydelse p\u00e5 aktiviteter, faciliteter\u00a0 og administration i <\/span><span style=\"font-weight: 400;\">Coudal\u00e8re\u00a0<\/span><\/li>\n<li><b>3\u00a0<\/b><\/li>\n<\/ul>\n<p><span style=\"font-weight: 400;\">Adgang til at s\u00f8ge optagelse som medlem af foreningen har enhver person, som er hel eller delvis\u00a0 ejer af en lejlighed i Coudal\u00e8re. Medlemskabet er dog tilknyttet lejligheden.\u00a0<\/span><\/p>\n<ul>\n<li><b>4\u00a0<\/b><\/li>\n<\/ul>\n<p><span style=\"font-weight: 400;\">Udmeldelse af foreningen sker ved henvendelse til foreningens formand. Et medlem kan ekskluderes efter bestyrelsens beslutning, n\u00e5r der ikke er betalt kontingent senest 3 m\u00e5neder efter p\u00e5krav.\u00a0<\/span><\/p>\n<ul>\n<li><b>5\u00a0<\/b><\/li>\n<\/ul>\n<p><span style=\"font-weight: 400;\">Bestyrelsen best\u00e5r af 3-5 medlemmer, der v\u00e6lges for 2 \u00e5r adgangen, dvs. at halvdelen af bestyrelsen\u00a0 afg\u00e5r hvert \u00e5r. Genvalg kan finde sted. Suppleanter v\u00e6lges for et \u00e5r af gangen. Bestyrelsen kan v\u00e6lge,\u00a0 at suppleanter indg\u00e5r aktivt i det l\u00f8bende bestyrelsesarbejde. Bestyrelsen konstituerer sig selv.\u00a0<\/span><\/p>\n<ul>\n<li><b>6\u00a0<\/b><\/li>\n<\/ul>\n<p><span style=\"font-weight: 400;\">Bestyrelsen skal efter bedste evne fremme foreningens form\u00e5l. Det p\u00e5hviler bestyrelsen at\u00a0 fremkomme med forslag til foranstaltninger i foreningens interesse. Bestyrelsen fasts\u00e6tter selv sin\u00a0 forretningsorden og kan tilkalde medlemmer uden for bestyrelsen til at deltage i dens m\u00f8der eller\u00a0 yde assistance p\u00e5 anden vis. Ved afgang fra bestyrelsen kan den fungere til n\u00e6ste generalforsamling,\u00a0 s\u00e5 l\u00e6nge der er mindst 3 medlemmer tilbage. Kommer bestyrelsen under 3 medlemmer, indtr\u00e6der\u00a0 suppleanterne. Foreningen tegnes af formanden og et andet bestyrelsesmedlem eller af formanden\u00a0 og af en aktiv medarbejdende suppleant.\u00a0<\/span><\/p>\n<ul>\n<li><b>7\u00a0<\/b><\/li>\n<\/ul>\n<p><span style=\"font-weight: 400;\">Formanden leder i samarbejde med dirigenten, bestyrelsesm\u00f8derne. Alle sager afg\u00f8res ved simpelt\u00a0 stemmeflertal, men i tilf\u00e6lde af stemmelighed g\u00f8r formandens stemme udslaget.\u00a0<\/span><\/p>\n<ul>\n<li><b>8\u00a0<\/b><\/li>\n<\/ul>\n<p><span style=\"font-weight: 400;\">Kontingentet, der fasts\u00e6ttes p\u00e5 den \u00e5rlige generalforsamling, opkr\u00e6ves hel\u00e5rsvis forud af\u00a0 bestyrelsen i samarbejde med kassereren, der f\u00f8rer n\u00f8je regnskab over indt\u00e6gter og udgifter.\u00a0 Endvidere f\u00f8rer bestyrelsen en medlemsliste og s\u00f8rger for betaling af regninger. Kassereren bogf\u00f8rer\u00a0 indt\u00e6gter og udgifter og udarbejder i samarbejde med revisor \u00e5rsregnskab.\u00a0<\/span><\/p>\n<ul>\n<li><b>9\u00a0<\/b><\/li>\n<\/ul>\n<p><span style=\"font-weight: 400;\">Foreningens regnskabs\u00e5r g\u00e5r fra 1\/1 \u2013 31\/12.<\/span><\/p>\n<ul>\n<li><b>10\u00a0<\/b><\/li>\n<\/ul>\n<p><span style=\"font-weight: 400;\">Revisor, der v\u00e6lges af generalforsamlingen, yder assistance med regnskabsopstillingen s\u00e5 betids, at\u00a0 det senest 8 dage f\u00f8r generalforsamlingen kan afleveres til formanden forsynet med erkl\u00e6ring om\u00a0 resultatet af revisors gennemgang.\u00a0<\/span><\/p>\n<ul>\n<li><b>11\u00a0<\/b><\/li>\n<\/ul>\n<p><span style=\"font-weight: 400;\">Den ordin\u00e6re generalforsamling, der indkaldes skriftligt med mindst 20 dages varsel, afholdes hvert\u00a0 \u00e5r inden udgangen af marts m\u00e5ned med f\u00f8lgende dagsorden:\u00a0<\/span><\/p>\n<ul>\n<li><span style=\"font-weight: 400;\">Valg af dirigent\u00a0<\/span><\/li>\n<li><span style=\"font-weight: 400;\">Bestyrelsens beretning\u00a0<\/span><\/li>\n<li><span style=\"font-weight: 400;\">Freml\u00e6ggelse af det reviderede regnskab\u00a0<\/span><\/li>\n<li><span style=\"font-weight: 400;\">Freml\u00e6ggelse af budget for det kommende \u00e5r, herunder fasts\u00e6ttelse af kontingent.<\/span><\/li>\n<li><span style=\"font-weight: 400;\">Valg af medlemmer til bestyrelsen\u00a0<\/span><\/li>\n<li><span style=\"font-weight: 400;\">Valg af 2 suppleanter til bestyrelsen\u00a0<\/span><\/li>\n<li><span style=\"font-weight: 400;\">Valg af revisor\u00a0<\/span><\/li>\n<li><span style=\"font-weight: 400;\">Behandling af indkomne forslag\u00a0<\/span><\/li>\n<li><span style=\"font-weight: 400;\">Eventuelt\u00a0<\/span><\/li>\n<\/ul>\n<p><span style=\"font-weight: 400;\">Forslag til behandling, herunder forslag til vedt\u00e6gts\u00e6ndringer, p\u00e5 generalforsamlingen skal v\u00e6re\u00a0 formanden i h\u00e6nde senest 60 dage f\u00f8r den ordin\u00e6re generalforsamling.\u00a0<\/span><\/p>\n<ul>\n<li><b>12\u00a0<\/b><\/li>\n<\/ul>\n<p><span style=\"font-weight: 400;\">Ekstraordin\u00e6r generalforsamling kan afholdes, n\u00e5r bestyrelsen vedtager det, eller n\u00e5r mindst \u00bc af\u00a0 medlemmerne skriftligt anmoder herom ledsaget af en dagsorden.\u00a0<\/span><\/p>\n<ul>\n<li><b>13\u00a0<\/b><\/li>\n<\/ul>\n<p><span style=\"font-weight: 400;\">Generalforsamlingens beslutninger tr\u00e6ffes ved almindeligt stemmeflertal (1 stemmer pr. lejlighed).\u00a0 Der kan stemmes ved fuldmagt.\u00a0<\/span><\/p>\n<p><span style=\"font-weight: 400;\">Til vedtagelse af \u00e6ndringer i vedt\u00e6gterne kr\u00e6ves \u00be af de m\u00f8dende medlemmer. Foreningens\u00a0 opl\u00f8sning kan kun vedtages af en generalforsamling, hvor 2\/3 af medlemmerne er til stede og \u00be\u00a0 heraf stemmer for opl\u00f8sning.\u00a0\u00a0<\/span><\/p>\n<p><span style=\"font-weight: 400;\">S\u00e5fremt der til en s\u00e5dan generalforsamling ikke er m\u00f8dt 2\/3 af medlemmerne, indkaldes til en ny\u00a0 generalforsamling 14 dage senere, hvor \u00be af stemmerne bland de fremm\u00f8dte kan opl\u00f8se foreningen. I tilf\u00e6lde af foreningens opl\u00f8sning tilfalder foreningens midler et humanit\u00e6rt arbejde efter\u00a0 bestyrelsens sk\u00f8n.\u00a0<\/span><\/p>\n<p><span style=\"font-weight: 400;\">Medlemmer i kontingentrestance er ikke stemmeberettigede p\u00e5 generalforsamlingen. S\u00e5ledes vedtaget p\u00e5 generalforsamlingen den 22. marts 2025.<\/span><\/p>\n<p style=\"text-align: center;\">\n","protected":false},"excerpt":{"rendered":"<p>FORENINGENS VEDT\u00c6GTER OPDATERET P\u00c5 GENERALFORSAMLINGEN 22. MARTS 2025 Foreningens CVR nr. 38 23 13 67 1\u00a0 Foreningens navn er \u201dForeningen Coudal\u00e8re Skandinavien\u201d.\u00a0 2\u00a0 Foreningens form\u00e5l er:\u00a0 v\u00e6re et f\u00e6llesskab til kulturfremme og til gensidigt kendskab til skandinavisk \/ fransk kultur\u00a0 og praksis i lokalsamfundet Coudal\u00e8re, Le Bacar\u00e8s kommune.\u00a0 samle skandinaviske ejere i Coudal\u00e8re.\u00a0 varetage disses [&hellip;]<\/p>\n","protected":false},"author":2,"featured_media":0,"parent":0,"menu_order":0,"comment_status":"closed","ping_status":"closed","template":"","meta":{"footnotes":""},"class_list":["post-1638","page","type-page","status-publish","hentry"],"_links":{"self":[{"href":"http:\/\/www.coudalere.info\/wordpress\/wp-json\/wp\/v2\/pages\/1638","targetHints":{"allow":["GET"]}}],"collection":[{"href":"http:\/\/www.coudalere.info\/wordpress\/wp-json\/wp\/v2\/pages"}],"about":[{"href":"http:\/\/www.coudalere.info\/wordpress\/wp-json\/wp\/v2\/types\/page"}],"author":[{"embeddable":true,"href":"http:\/\/www.coudalere.info\/wordpress\/wp-json\/wp\/v2\/users\/2"}],"replies":[{"embeddable":true,"href":"http:\/\/www.coudalere.info\/wordpress\/wp-json\/wp\/v2\/comments?post=1638"}],"version-history":[{"count":15,"href":"http:\/\/www.coudalere.info\/wordpress\/wp-json\/wp\/v2\/pages\/1638\/revisions"}],"predecessor-version":[{"id":2726,"href":"http:\/\/www.coudalere.info\/wordpress\/wp-json\/wp\/v2\/pages\/1638\/revisions\/2726"}],"wp:attachment":[{"href":"http:\/\/www.coudalere.info\/wordpress\/wp-json\/wp\/v2\/media?parent=1638"}],"curies":[{"name":"wp","href":"https:\/\/api.w.org\/{rel}","templated":true}]}}